{"id":4360,"date":"2018-05-28T12:58:23","date_gmt":"2018-05-28T10:58:23","guid":{"rendered":"http:\/\/www.schaering.de\/schaering\/?page_id=4360"},"modified":"2022-04-06T19:39:02","modified_gmt":"2022-04-06T17:39:02","slug":"datenschutz","status":"publish","type":"page","link":"https:\/\/www.schaering.de\/schaering\/datenschutz\/","title":{"rendered":"Datenschutzerkl\u00e4rung"},"content":{"rendered":"\t\t<div data-elementor-type=\"wp-page\" data-elementor-id=\"4360\" class=\"elementor elementor-4360\">\n\t\t\t\t\t\t<section class=\"elementor-section elementor-top-section elementor-element elementor-element-53f597e9 elementor-section-boxed elementor-section-height-default elementor-section-height-default\" data-id=\"53f597e9\" data-element_type=\"section\">\n\t\t\t\t\t\t<div class=\"elementor-container elementor-column-gap-default\">\n\t\t\t\t\t<div class=\"elementor-column elementor-col-100 elementor-top-column elementor-element elementor-element-47665d50\" data-id=\"47665d50\" data-element_type=\"column\">\n\t\t\t<div class=\"elementor-widget-wrap elementor-element-populated\">\n\t\t\t\t\t\t<div class=\"elementor-element elementor-element-1ee7cfd0 elementor-widget elementor-widget-text-editor\" data-id=\"1ee7cfd0\" data-element_type=\"widget\" data-widget_type=\"text-editor.default\">\n\t\t\t\t<div class=\"elementor-widget-container\">\n\t\t\t\t\t\t\t\t\t<h1>Datenschutzerkl\u00e4rung<\/h1><div><br><\/div>\n<p>Mit dieser Datenschutzerkl\u00e4rung m\u00f6chte ich&nbsp;Sie \u00fcber Art, Umfang und Zweck der von mir&nbsp;erhobenen, genutzten und verarbeiteten personenbezogenen Daten informieren. Ferner werden Sie mit dieser Datenschutzerkl\u00e4rung \u00fcber die Ihnen zustehenden Rechte aufgekl\u00e4rt. Die Verarbeitung personenbezogener Daten, beispielsweise des Namens, der Anschrift, E-Mail-Adresse oder Telefonnummer einer betroffenen Person, erfolgt stets im Einklang mit der Datenschutz-Grundverordnung (EU).<\/p>\n<p>Die&nbsp;Datenschutzerkl\u00e4rung beruht auf den Begrifflichkeiten, die durch den Europ\u00e4ischen Richtlinien- und Verordnungsgeber beim Erlass der Datenschutz-Grundverordnung (DSGVO) verwendet wurden. Entsprechend der Verordnung soll die Datenschutzerkl\u00e4rung einfach lesbar und verst\u00e4ndlich sein. Sollten Sie dennoch Fragen haben oder detaillierte Informationen w\u00fcnschen, fragen Sie sehr gerne bei mir&nbsp;nach.<\/p>\n<p><strong>1. Name und Anschrift des f\u00fcr die Verarbeitung Verantwortlichen<\/strong><br>\nVerantwortlicher gem. Art. 4 Abs. 7 EU-Datenschutz-Grundverordnung (DSGVO) ist:<\/p>\n<p>Ulirich Sch\u00e4ring<br>\nSchlehenweg 22<br>\n26180 Rastede Hahn<br>\nT +49 (0) 160 978 25 777<br>\n<a href=\"mailto:golf@schaering.de\">golf@schaering.de<\/a><\/p>\n<p><strong>2. Ihre Rechte <\/strong><br>\nGem. DSGVO haben mir&nbsp;gegen\u00fcber folgende Rechte betreffend Ihrer personenbezogenen Daten:<\/p>\n<ul>\n<li>Recht auf Auskunft<\/li>\n<li>Recht auf Berichtigung<\/li>\n<li>Recht auf L\u00f6schung (Recht auf Vergessen werden)<\/li>\n<li>Recht auf Einschr\u00e4nkung der Verarbeitung<\/li>\n<li>Recht auf Daten\u00fcbertragbarkeit<\/li>\n<li>Recht auf Beschwerde<br>\nWenn Sie der Ansicht sind, dass die Verarbeitung Ihrer personenbezogenen Daten gegen die DSGVO verst\u00f6\u00dft, haben Sie gem. Art. 77 DSGVO das Recht, sich bei einer Datenschutz-Aufsichtsbeh\u00f6rde zu beschweren. Hierzu k\u00f6nnen Sie sich z.B. an die Aufsichtsbeh\u00f6rde Ihres Wohnortes oder Arbeitsplatzes wenden.<\/li>\n<\/ul>\n<p><strong>3. Widerspruch oder Widerruf gegen die Verarbeitung Ihrer personenbezogenen Daten<\/strong><br>\nEs ist Ihr Recht, aus Gr\u00fcnden, die sich aus Ihrer besonderen Situation ergeben, jederzeit gegen die Verarbeitung Sie betreffender personenbezogener Daten, die aufgrund von Art. 6 Abs. 1 Buchstaben e oder f DSGVO erfolgt, Widerspruch einzulegen. Das ist z.B. der Fall, wenn die Verarbeitung nicht zur Erf\u00fcllung eines Vertrages erforderlich ist. Bei Aus\u00fcbung Ihres Widerspruchrechts bitten wir um Darlegung der Gr\u00fcnde. Nach Pr\u00fcfung der Sachlage werden wir die Verarbeitung Ihrer personenbezogenen Daten einstellen, es sei denn, dass zwingende schutzw\u00fcrdige Gr\u00fcnde Ihre Rechte und Interessen \u00fcberwiegen.<br>\nFalls Sie eine Einwilligung zur Verarbeitung Ihrer personenbezogenen Daten erteilt haben, k\u00f6nnen Sie diese Einwilligung jederzeit gem. Art. 7 Abs. 3 DSGVO uns gegen\u00fcber widerrufen. Durch den Widerruf wird die Rechtm\u00e4\u00dfigkeit der aufgrund der Einwilligung bis zum Widerruf erfolgten Verarbeitung nicht ber\u00fchrt.<br>\nUnabh\u00e4ngig davon haben Sie jederzeit das Recht, der Verarbeitung Ihrer personenbezogenen Daten f\u00fcr Zwecke der Werbung und Datenanalyse zu widersprechen. Ihren Widerspruch k\u00f6nnen Sie an die oben angegebene Kontaktadresse des Verantwortlichen richten.<\/p>\n<p><strong>4. Erfassung von allgemeinen Daten und Informationen<\/strong><br>\nBei rein informativer Nutzung unserer Webseite werden automatisiert Daten und Informationen vom Computersystem des aufrufenden Rechners &#8211; sogenannte Server-LogFiles &#8211; auf dem Server unseres Internet-Service-Providers gespeichert. Diese Datenerfassung ist technisch erforderlich, um die Stabilit\u00e4t und Sicherheit unserer Homepage zu gew\u00e4hrleisten. Bei der Nutzung dieser allgemeinen Daten und Informationen zieht der Seitenbetreiber keine R\u00fcckschl\u00fcsse auf die betroffene Person. Rechtsgrundlage f\u00fcr die Speicherung der Daten und der Logfiles ist Art. 6 Abs. 1 lit. f DSGVO. Folgende Daten werden erhoben:<\/p>\n<ul>\n<li>IP-Adresse<\/li>\n<li>Datum und Uhrzeit des Seitenaufrufes<\/li>\n<li>Zeitzonendifferenz zur Greenwich Mean Time (GMT)<\/li>\n<li>Inhalt der Anforderung (Startseite und Unterseiten, welche Sie besuchen)<\/li>\n<li>die \u00fcbertragene Datenmenge<\/li>\n<li>Zugriffsstatus\/HTTP-Status<\/li>\n<li>Internet-Service-Provider des zugreifenden Systems<\/li>\n<li>Website, von der die Anforderung kommt (Referrer URL)<\/li>\n<li>Browsertyp, Browserversion, Sprache der Browsersoftware<\/li>\n<li>verwendetes Betriebssystem<\/li>\n<\/ul>\n<p><strong>5. Cookies<\/strong><br>\nAuf meiner&nbsp;Homepage werden ausschl.&nbsp;technisch erforderliche Cookies verwendet. Cookies sind Textdateien, welche \u00fcber einen Internetbrowser auf einem Computersystem abgelegt und gespeichert werden. Viele Cookies enthalten eine sogenannte Cookie-ID. Eine Cookie-ID ist eine eindeutige Kennung des Cookies. Sie besteht aus einer Zeichenfolge, durch welche Internetseiten und Server dem konkreten Internetbrowser zugeordnet werden k\u00f6nnen, in dem das Cookie gespeichert wurde. Dies erm\u00f6glicht es den besuchten Internetseiten und Servern, den individuellen Browser der betroffenen Person von anderen Internetbrowsern, die andere Cookies enthalten, zu unterscheiden. Ein bestimmter Internetbrowser kann \u00fcber die eindeutige Cookie-ID wiedererkannt und identifiziert werden.<br>\nDurch den Einsatz von Cookies kann die Homepage&nbsp;Ihnen einen nutzerfreundlicheren Service bereitstellen, die ohne die Cookie-Setzung nicht m\u00f6glich w\u00e4re. Mittels eines Cookies k\u00f6nnen die Informationen und Angebote auf unserer Internetseite im Sinne des Benutzers optimiert werden.<br>\nSie k\u00f6nnen die Setzung von Cookies durch unsere Internetseite jederzeit mittels einer entsprechenden Einstellung des genutzten Internetbrowsers verhindern und damit der Setzung von Cookies dauerhaft widersprechen. Ferner k\u00f6nnen bereits gesetzte Cookies jederzeit \u00fcber einen Internetbrowser oder andere Softwareprogramme gel\u00f6scht werden. Dies ist in allen g\u00e4ngigen Internetbrowsern m\u00f6glich. Deaktiviert die betroffene Person die Setzung von Cookies in dem genutzten Internetbrowser, sind unter Umst\u00e4nden nicht alle Funktionen unserer Internetseite vollumf\u00e4nglich nutzbar.<\/p>\n<p><strong>6. Kontaktaufnahme<\/strong><br>\nSofern Sie per mir E-Mail personenbezogene Daten zur Verf\u00fcgung stellen, werden diese Daten von mir&nbsp;automatisch gespeichert und verarbeitet, um Ihre Anfrage zu bearbeiten. Es erfolgt keine Weitergabe dieser personenbezogenen Daten an Dritte. Ihre mir&nbsp;\u00fcbermittelten Daten werden gel\u00f6scht, sobald keine Speicherung mehr erforderlich ist bzw. schr\u00e4nke&nbsp;ich&nbsp;diese Verarbeitung ein, sollten gesetzliche Aufbewahrungsfristen bestehen.<\/p>\n<p><strong>7. Routinem\u00e4\u00dfige L\u00f6schung von personenbezogenen Daten<\/strong><br>\nIch&nbsp;speichere und verarbeite Ihre personenbezogene Daten nur f\u00fcr den Zeitraum, der zur Erreichung des Speicherungszwecks erforderlich ist bzw. dies durch den Europ\u00e4ischen Richtlinien- und Verordnungsgeber oder einen anderen Gesetzgeber in Gesetzen oder Vorschriften vorgesehen wurde. Entf\u00e4llt der Speicherzweck bzw. nach Ablauf von Fristen werden Ihre personenbezogenen Daten routinem\u00e4\u00dfig und entsprechend den gesetzlichen Vorschriften gel\u00f6scht.<\/p>\n<p><strong>8. Rechtsgrundlage f\u00fcr die Verarbeitung personenbezogener Daten<\/strong><br>\nSoweit ich&nbsp;f\u00fcr Verarbeitungsvorg\u00e4nge personenbezogener Daten eine Einwilligung der betroffenen Person einhole, dient Art. 6 Abs. 1 lit. a EU-Datenschutzgrundverordnung (DSGVO) als Rechtsgrundlage.<br>\nBei der Verarbeitung von personenbezogenen Daten, die zur Erf\u00fcllung eines Vertrages, dessen Vertragspartei die betroffene Person ist, erforderlich ist, dient Art. 6 Abs. 1 lit. b DSGVO als Rechtsgrundlage. Dies gilt auch f\u00fcr Verarbeitungsvorg\u00e4nge, die zur Durchf\u00fchrung vorvertraglicher Ma\u00dfnahmen erforderlich sind.<br>\nSoweit eine Verarbeitung personenbezogener Daten zur Erf\u00fcllung einer rechtlichen Verpflichtung erforderlich ist, der unser Unternehmen unterliegt, dient Art. 6 Abs. 1 lit. c DSGVO als Rechtsgrundlage.<br>\nF\u00fcr den Fall, dass lebenswichtige Interessen der betroffenen Person oder einer anderen nat\u00fcrlichen Person eine Verarbeitung personenbezogener Daten erforderlich machen, dient Art. 6 Abs. 1 lit. d DSGVO als Rechtsgrundlage.<br>\nIst die Verarbeitung zur Wahrung eines berechtigten Interesses meines&nbsp;Unternehmens oder eines Dritten erforderlich und \u00fcberwiegen die Interessen, Grundrechte und Grundfreiheiten des Betroffenen das erstgenannte Interesse nicht, so dient Art. 6 Abs. 1 lit. f DSGVO als Rechtsgrundlage f\u00fcr die Verarbeitung.<\/p>\t\t\t\t\t\t\t\t<\/div>\n\t\t\t\t<\/div>\n\t\t\t\t\t<\/div>\n\t\t<\/div>\n\t\t\t\t\t<\/div>\n\t\t<\/section>\n\t\t\t\t<\/div>\n\t\t","protected":false},"excerpt":{"rendered":"<p>Datenschutzerkl\u00e4rung Mit dieser Datenschutzerkl\u00e4rung m\u00f6chte ich&nbsp;Sie \u00fcber Art, Umfang und Zweck der von mir&nbsp;erhobenen, genutzten und verarbeiteten personenbezogenen Daten informieren. Ferner werden Sie mit dieser Datenschutzerkl\u00e4rung \u00fcber die Ihnen zustehenden Rechte aufgekl\u00e4rt. Die Verarbeitung personenbezogener Daten, beispielsweise des Namens, der Anschrift, E-Mail-Adresse oder Telefonnummer einer betroffenen Person, erfolgt stets im Einklang mit der Datenschutz-Grundverordnung (EU). [&hellip;]<\/p>\n","protected":false},"author":2,"featured_media":0,"parent":0,"menu_order":0,"comment_status":"closed","ping_status":"closed","template":"elementor_header_footer","meta":{"site-sidebar-layout":"default","site-content-layout":"","ast-site-content-layout":"","site-content-style":"default","site-sidebar-style":"default","ast-global-header-display":"","ast-banner-title-visibility":"","ast-main-header-display":"","ast-hfb-above-header-display":"","ast-hfb-below-header-display":"","ast-hfb-mobile-header-display":"","site-post-title":"","ast-breadcrumbs-content":"","ast-featured-img":"","footer-sml-layout":"","theme-transparent-header-meta":"","adv-header-id-meta":"","stick-header-meta":"","header-above-stick-meta":"","header-main-stick-meta":"","header-below-stick-meta":"","astra-migrate-meta-layouts":"default","ast-page-background-enabled":"default","ast-page-background-meta":{"desktop":{"background-color":"var(--ast-global-color-4)","background-image":"","background-repeat":"repeat","background-position":"center center","background-size":"auto","background-attachment":"scroll","background-type":"","background-media":"","overlay-type":"","overlay-color":"","overlay-opacity":"","overlay-gradient":""},"tablet":{"background-color":"","background-image":"","background-repeat":"repeat","background-position":"center center","background-size":"auto","background-attachment":"scroll","background-type":"","background-media":"","overlay-type":"","overlay-color":"","overlay-opacity":"","overlay-gradient":""},"mobile":{"background-color":"","background-image":"","background-repeat":"repeat","background-position":"center center","background-size":"auto","background-attachment":"scroll","background-type":"","background-media":"","overlay-type":"","overlay-color":"","overlay-opacity":"","overlay-gradient":""}},"ast-content-background-meta":{"desktop":{"background-color":"var(--ast-global-color-5)","background-image":"","background-repeat":"repeat","background-position":"center center","background-size":"auto","background-attachment":"scroll","background-type":"","background-media":"","overlay-type":"","overlay-color":"","overlay-opacity":"","overlay-gradient":""},"tablet":{"background-color":"var(--ast-global-color-5)","background-image":"","background-repeat":"repeat","background-position":"center center","background-size":"auto","background-attachment":"scroll","background-type":"","background-media":"","overlay-type":"","overlay-color":"","overlay-opacity":"","overlay-gradient":""},"mobile":{"background-color":"var(--ast-global-color-5)","background-image":"","background-repeat":"repeat","background-position":"center center","background-size":"auto","background-attachment":"scroll","background-type":"","background-media":"","overlay-type":"","overlay-color":"","overlay-opacity":"","overlay-gradient":""}},"footnotes":""},"class_list":["post-4360","page","type-page","status-publish","hentry"],"yoast_head":"<!-- This site is optimized with the Yoast SEO plugin v24.7 - https:\/\/yoast.com\/wordpress\/plugins\/seo\/ -->\n<title>Datenschutzerkl\u00e4rung - Ulrich Sch\u00e4ring Golfprofessional Ulrich Schaering<\/title>\n<meta name=\"robots\" content=\"index, follow, max-snippet:-1, max-image-preview:large, max-video-preview:-1\" \/>\n<link rel=\"canonical\" href=\"https:\/\/www.schaering.de\/schaering\/datenschutz\/\" \/>\n<meta property=\"og:locale\" content=\"de_DE\" \/>\n<meta property=\"og:type\" content=\"article\" \/>\n<meta property=\"og:title\" content=\"Datenschutzerkl\u00e4rung - Ulrich Sch\u00e4ring Golfprofessional Ulrich Schaering\" \/>\n<meta property=\"og:description\" content=\"Datenschutzerkl\u00e4rung Mit dieser Datenschutzerkl\u00e4rung m\u00f6chte ich&nbsp;Sie \u00fcber Art, Umfang und Zweck der von mir&nbsp;erhobenen, genutzten und verarbeiteten personenbezogenen Daten informieren. Ferner werden Sie mit dieser Datenschutzerkl\u00e4rung \u00fcber die Ihnen zustehenden Rechte aufgekl\u00e4rt. Die Verarbeitung personenbezogener Daten, beispielsweise des Namens, der Anschrift, E-Mail-Adresse oder Telefonnummer einer betroffenen Person, erfolgt stets im Einklang mit der Datenschutz-Grundverordnung (EU). [&hellip;]\" \/>\n<meta property=\"og:url\" content=\"https:\/\/www.schaering.de\/schaering\/datenschutz\/\" \/>\n<meta property=\"og:site_name\" content=\"Ulrich Sch\u00e4ring\" \/>\n<meta property=\"article:modified_time\" content=\"2022-04-06T17:39:02+00:00\" \/>\n<meta name=\"twitter:label1\" content=\"Gesch\u00e4tzte Lesezeit\" \/>\n\t<meta name=\"twitter:data1\" content=\"5\u00a0Minuten\" \/>\n<script type=\"application\/ld+json\" class=\"yoast-schema-graph\">{\"@context\":\"https:\/\/schema.org\",\"@graph\":[{\"@type\":\"WebPage\",\"@id\":\"https:\/\/www.schaering.de\/schaering\/datenschutz\/\",\"url\":\"https:\/\/www.schaering.de\/schaering\/datenschutz\/\",\"name\":\"Datenschutzerkl\u00e4rung - Ulrich Sch\u00e4ring Golfprofessional Ulrich Schaering\",\"isPartOf\":{\"@id\":\"https:\/\/www.schaering.de\/schaering\/#website\"},\"datePublished\":\"2018-05-28T10:58:23+00:00\",\"dateModified\":\"2022-04-06T17:39:02+00:00\",\"inLanguage\":\"de\",\"potentialAction\":[{\"@type\":\"ReadAction\",\"target\":[\"https:\/\/www.schaering.de\/schaering\/datenschutz\/\"]}]},{\"@type\":\"WebSite\",\"@id\":\"https:\/\/www.schaering.de\/schaering\/#website\",\"url\":\"https:\/\/www.schaering.de\/schaering\/\",\"name\":\"Ulrich Sch\u00e4ring\",\"description\":\"\",\"publisher\":{\"@id\":\"https:\/\/www.schaering.de\/schaering\/#organization\"},\"potentialAction\":[{\"@type\":\"SearchAction\",\"target\":{\"@type\":\"EntryPoint\",\"urlTemplate\":\"https:\/\/www.schaering.de\/schaering\/?s={search_term_string}\"},\"query-input\":{\"@type\":\"PropertyValueSpecification\",\"valueRequired\":true,\"valueName\":\"search_term_string\"}}],\"inLanguage\":\"de\"},{\"@type\":\"Organization\",\"@id\":\"https:\/\/www.schaering.de\/schaering\/#organization\",\"name\":\"Ulrich Sch\u00e4ring\",\"url\":\"https:\/\/www.schaering.de\/schaering\/\",\"logo\":{\"@type\":\"ImageObject\",\"inLanguage\":\"de\",\"@id\":\"https:\/\/www.schaering.de\/schaering\/#\/schema\/logo\/image\/\",\"url\":\"https:\/\/www.schaering.de\/schaering\/wp-content\/uploads\/2013\/01\/cropped-Logo_Schaering_golfer_bo2-1.png\",\"contentUrl\":\"https:\/\/www.schaering.de\/schaering\/wp-content\/uploads\/2013\/01\/cropped-Logo_Schaering_golfer_bo2-1.png\",\"width\":225,\"height\":30,\"caption\":\"Ulrich Sch\u00e4ring\"},\"image\":{\"@id\":\"https:\/\/www.schaering.de\/schaering\/#\/schema\/logo\/image\/\"}}]}<\/script>\n<!-- \/ Yoast SEO plugin. -->","yoast_head_json":{"title":"Datenschutzerkl\u00e4rung - Ulrich Sch\u00e4ring Golfprofessional Ulrich Schaering","robots":{"index":"index","follow":"follow","max-snippet":"max-snippet:-1","max-image-preview":"max-image-preview:large","max-video-preview":"max-video-preview:-1"},"canonical":"https:\/\/www.schaering.de\/schaering\/datenschutz\/","og_locale":"de_DE","og_type":"article","og_title":"Datenschutzerkl\u00e4rung - Ulrich Sch\u00e4ring Golfprofessional Ulrich Schaering","og_description":"Datenschutzerkl\u00e4rung Mit dieser Datenschutzerkl\u00e4rung m\u00f6chte ich&nbsp;Sie \u00fcber Art, Umfang und Zweck der von mir&nbsp;erhobenen, genutzten und verarbeiteten personenbezogenen Daten informieren. Ferner werden Sie mit dieser Datenschutzerkl\u00e4rung \u00fcber die Ihnen zustehenden Rechte aufgekl\u00e4rt. Die Verarbeitung personenbezogener Daten, beispielsweise des Namens, der Anschrift, E-Mail-Adresse oder Telefonnummer einer betroffenen Person, erfolgt stets im Einklang mit der Datenschutz-Grundverordnung (EU). [&hellip;]","og_url":"https:\/\/www.schaering.de\/schaering\/datenschutz\/","og_site_name":"Ulrich Sch\u00e4ring","article_modified_time":"2022-04-06T17:39:02+00:00","twitter_misc":{"Gesch\u00e4tzte Lesezeit":"5\u00a0Minuten"},"schema":{"@context":"https:\/\/schema.org","@graph":[{"@type":"WebPage","@id":"https:\/\/www.schaering.de\/schaering\/datenschutz\/","url":"https:\/\/www.schaering.de\/schaering\/datenschutz\/","name":"Datenschutzerkl\u00e4rung - Ulrich Sch\u00e4ring Golfprofessional Ulrich Schaering","isPartOf":{"@id":"https:\/\/www.schaering.de\/schaering\/#website"},"datePublished":"2018-05-28T10:58:23+00:00","dateModified":"2022-04-06T17:39:02+00:00","inLanguage":"de","potentialAction":[{"@type":"ReadAction","target":["https:\/\/www.schaering.de\/schaering\/datenschutz\/"]}]},{"@type":"WebSite","@id":"https:\/\/www.schaering.de\/schaering\/#website","url":"https:\/\/www.schaering.de\/schaering\/","name":"Ulrich Sch\u00e4ring","description":"","publisher":{"@id":"https:\/\/www.schaering.de\/schaering\/#organization"},"potentialAction":[{"@type":"SearchAction","target":{"@type":"EntryPoint","urlTemplate":"https:\/\/www.schaering.de\/schaering\/?s={search_term_string}"},"query-input":{"@type":"PropertyValueSpecification","valueRequired":true,"valueName":"search_term_string"}}],"inLanguage":"de"},{"@type":"Organization","@id":"https:\/\/www.schaering.de\/schaering\/#organization","name":"Ulrich Sch\u00e4ring","url":"https:\/\/www.schaering.de\/schaering\/","logo":{"@type":"ImageObject","inLanguage":"de","@id":"https:\/\/www.schaering.de\/schaering\/#\/schema\/logo\/image\/","url":"https:\/\/www.schaering.de\/schaering\/wp-content\/uploads\/2013\/01\/cropped-Logo_Schaering_golfer_bo2-1.png","contentUrl":"https:\/\/www.schaering.de\/schaering\/wp-content\/uploads\/2013\/01\/cropped-Logo_Schaering_golfer_bo2-1.png","width":225,"height":30,"caption":"Ulrich Sch\u00e4ring"},"image":{"@id":"https:\/\/www.schaering.de\/schaering\/#\/schema\/logo\/image\/"}}]}},"_links":{"self":[{"href":"https:\/\/www.schaering.de\/schaering\/wp-json\/wp\/v2\/pages\/4360","targetHints":{"allow":["GET"]}}],"collection":[{"href":"https:\/\/www.schaering.de\/schaering\/wp-json\/wp\/v2\/pages"}],"about":[{"href":"https:\/\/www.schaering.de\/schaering\/wp-json\/wp\/v2\/types\/page"}],"author":[{"embeddable":true,"href":"https:\/\/www.schaering.de\/schaering\/wp-json\/wp\/v2\/users\/2"}],"replies":[{"embeddable":true,"href":"https:\/\/www.schaering.de\/schaering\/wp-json\/wp\/v2\/comments?post=4360"}],"version-history":[{"count":10,"href":"https:\/\/www.schaering.de\/schaering\/wp-json\/wp\/v2\/pages\/4360\/revisions"}],"predecessor-version":[{"id":4787,"href":"https:\/\/www.schaering.de\/schaering\/wp-json\/wp\/v2\/pages\/4360\/revisions\/4787"}],"wp:attachment":[{"href":"https:\/\/www.schaering.de\/schaering\/wp-json\/wp\/v2\/media?parent=4360"}],"curies":[{"name":"wp","href":"https:\/\/api.w.org\/{rel}","templated":true}]}}